{"id":229,"date":"2022-07-07T17:05:56","date_gmt":"2022-07-07T17:05:56","guid":{"rendered":"https:\/\/www.nasdecin.cz\/?page_id=229"},"modified":"2022-09-14T23:49:01","modified_gmt":"2022-09-14T23:49:01","slug":"turisticky-ruch","status":"publish","type":"page","link":"https:\/\/www.nasdecin.cz\/?page_id=229","title":{"rendered":"Turistick\u00fd ruch"},"content":{"rendered":"\n<p>D\u011b\u010d\u00edn je vstupn\u00ed branou do n\u00e1rodn\u00edho parku. N\u00e1v\u0161t\u011bvn\u00edci m\u00ed\u0159\u00edc\u00ed na klasick\u00e9 high liny oce\u0148uj\u00ed bl\u00edzkost pom\u011brn\u011b velk\u00e9ho m\u011bsta s\u00a0mno\u017estv\u00edm dal\u0161\u00edch nab\u00eddek na aktivn\u00ed tr\u00e1ven\u00ed voln\u00e9ho \u010dasu. Proto je nutn\u00fd rozvoj infrastruktury a neust\u00e1l\u00e9 zkvalit\u0148ov\u00e1n\u00ed slu\u017eeb. Velmi d\u016fle\u017eit\u00e9 je naj\u00edt zp\u016fsob k\u00a0prodlou\u017een\u00ed sez\u00f3ny zvy\u0161ov\u00e1n\u00edm a propagov\u00e1n\u00edm atraktivit m\u011bsta.<\/p>\n\n\n\n<ul class=\"wp-block-list\"><li>propagace m\u011bsta a turistick\u00fdch c\u00edl\u016f v online prost\u0159ed\u00ed<\/li><li>omezit overtourismus<\/li><li>zv\u00fd\u0161it mimosez\u00f3nn\u00ed n\u00e1v\u0161t\u011bvnost<\/li><li>upevnit brand m\u011bsta<\/li><li>rozvoj turistick\u00e9 infrastruktury<\/li><li>propojen\u00ed s destina\u010dn\u00edmi agenturami<\/li><li>tlak na zlep\u0161en\u00ed kvality nab\u00eddky a slu\u017eeb<\/li><li>zatraktivn\u011bn\u00ed centra m\u011bsta<\/li><li>z\u00e1sadn\u011b zv\u00fd\u0161it propojen\u00ed a spolupr\u00e1ci s NP\u010c\u0160<\/li><li>podpora a vyhled\u00e1v\u00e1n\u00ed organiz\u00e1tor\u016f akc\u00ed m\u00edstn\u00edho p\u0159esahu<\/li><li>podpora kulturn\u00edho vy\u017eit\u00ed ob\u010dan\u016f i n\u00e1v\u0161t\u011bvn\u00edk\u016f m\u011bsta<\/li><li>zlep\u0161it prostor p\u0159ed hlavn\u00edm n\u00e1dra\u017e\u00edm, kter\u00e9 je N\u00e1dra\u017e\u00edm n\u00e1rodn\u00edho parku<\/li><li>udr\u017eet zna\u010dku \u201enejzelen\u011bj\u0161\u00ed\u201c okresn\u00ed m\u011bsto<\/li><li>trvale udr\u017eovat turistick\u00e9 stezky v bl\u00edzk\u00e9m okol\u00ed m\u011bsta<\/li><\/ul>\n","protected":false},"excerpt":{"rendered":"<p>D\u011b\u010d\u00edn je vstupn\u00ed branou do n\u00e1rodn\u00edho parku. N\u00e1v\u0161t\u011bvn\u00edci m\u00ed\u0159\u00edc\u00ed na klasick\u00e9 high liny oce\u0148uj\u00ed bl\u00edzkost pom\u011brn\u011b velk\u00e9ho m\u011bsta s\u00a0mno\u017estv\u00edm dal\u0161\u00edch nab\u00eddek na aktivn\u00ed tr\u00e1ven\u00ed voln\u00e9ho \u010dasu. Proto je nutn\u00fd rozvoj infrastruktury a neust\u00e1l\u00e9 zkvalit\u0148ov\u00e1n\u00ed slu\u017eeb. Velmi d\u016fle\u017eit\u00e9 je naj\u00edt zp\u016fsob k\u00a0prodlou\u017een\u00ed sez\u00f3ny zvy\u0161ov\u00e1n\u00edm a propagov\u00e1n\u00edm atraktivit m\u011bsta. propagace m\u011bsta a turistick\u00fdch c\u00edl\u016f v online prost\u0159ed\u00ed &hellip; <\/p>\n<p class=\"link-more\"><a href=\"https:\/\/www.nasdecin.cz\/?page_id=229\" class=\"more-link\">Pokra\u010dovat ve \u010dten\u00ed<span class=\"screen-reader-text\"> &#8222;Turistick\u00fd ruch&#8220;<\/span><\/a><\/p>\n","protected":false},"author":1,"featured_media":0,"parent":0,"menu_order":0,"comment_status":"closed","ping_status":"closed","template":"","meta":{"_bbp_topic_count":0,"_bbp_reply_count":0,"_bbp_total_topic_count":0,"_bbp_total_reply_count":0,"_bbp_voice_count":0,"_bbp_anonymous_reply_count":0,"_bbp_topic_count_hidden":0,"_bbp_reply_count_hidden":0,"_bbp_forum_subforum_count":0,"footnotes":""},"class_list":["post-229","page","type-page","status-publish","hentry"],"_links":{"self":[{"href":"https:\/\/www.nasdecin.cz\/index.php?rest_route=\/wp\/v2\/pages\/229","targetHints":{"allow":["GET"]}}],"collection":[{"href":"https:\/\/www.nasdecin.cz\/index.php?rest_route=\/wp\/v2\/pages"}],"about":[{"href":"https:\/\/www.nasdecin.cz\/index.php?rest_route=\/wp\/v2\/types\/page"}],"author":[{"embeddable":true,"href":"https:\/\/www.nasdecin.cz\/index.php?rest_route=\/wp\/v2\/users\/1"}],"replies":[{"embeddable":true,"href":"https:\/\/www.nasdecin.cz\/index.php?rest_route=%2Fwp%2Fv2%2Fcomments&post=229"}],"version-history":[{"count":3,"href":"https:\/\/www.nasdecin.cz\/index.php?rest_route=\/wp\/v2\/pages\/229\/revisions"}],"predecessor-version":[{"id":294,"href":"https:\/\/www.nasdecin.cz\/index.php?rest_route=\/wp\/v2\/pages\/229\/revisions\/294"}],"wp:attachment":[{"href":"https:\/\/www.nasdecin.cz\/index.php?rest_route=%2Fwp%2Fv2%2Fmedia&parent=229"}],"curies":[{"name":"wp","href":"https:\/\/api.w.org\/{rel}","templated":true}]}}