{"id":185,"date":"2022-06-26T07:45:56","date_gmt":"2022-06-26T07:45:56","guid":{"rendered":"https:\/\/www.nasdecin.cz\/?page_id=185"},"modified":"2026-04-17T16:12:52","modified_gmt":"2026-04-17T16:12:52","slug":"clanky","status":"publish","type":"page","link":"https:\/\/www.nasdecin.cz\/","title":{"rendered":"Aktuality"},"content":{"rendered":"\n<h2 class=\"wp-block-heading\"><a href=\"https:\/\/www.nasdecin.cz\/?page_id=510\" data-type=\"page\" data-id=\"510\">M\u011bsto navy\u0161uje podporu sportu, p\u0159esto je pot\u0159eba p\u0159idat<\/a><\/h2>\n\n\n<div class=\"wp-block-image\">\n<figure class=\"alignleft size-full is-resized\"><img loading=\"lazy\" decoding=\"async\" width=\"477\" height=\"848\" src=\"https:\/\/www.nasdecin.cz\/wp-content\/uploads\/2026\/04\/876235db-fbcb-48d0-aabd-940272d5ef46.jpg\" alt=\"\" class=\"wp-image-511\" style=\"width:100px\" srcset=\"https:\/\/www.nasdecin.cz\/wp-content\/uploads\/2026\/04\/876235db-fbcb-48d0-aabd-940272d5ef46.jpg 477w, https:\/\/www.nasdecin.cz\/wp-content\/uploads\/2026\/04\/876235db-fbcb-48d0-aabd-940272d5ef46-169x300.jpg 169w\" sizes=\"auto, (max-width: 477px) 100vw, 477px\" \/><\/figure>\n<\/div>\n\n\n<p><strong>Diskuse o hokeji znovu otev\u0159ela t\u00e9ma financov\u00e1n\u00ed sportu v D\u011b\u010d\u00edn\u011b. M\u011bsto v posledn\u00edch letech rozpo\u010det pravideln\u011b navy\u0161uje a podporuje jak d\u011bti, tak sportovn\u00ed kluby i nov\u00e9 projekty. Rostouc\u00ed n\u00e1klady a \u0161ir\u0161\u00ed podpora ale ukazuj\u00ed, \u017ee sou\u010dasn\u00e1 \u010d\u00e1stka st\u00e1le nesta\u010d\u00ed a do budoucna bude pot\u0159eba investice je\u0161t\u011b zv\u00fd\u0161it.<\/strong><\/p>\n\n\n\n<h2 class=\"wp-block-heading\"><a href=\"https:\/\/www.nasdecin.cz\/?page_id=500\" data-type=\"page\" data-id=\"500\">\u0160kolka v B\u011bl\u00e9 po rekonstrukci: modern\u00ed, \u00fasporn\u00e1 a s v\u011bt\u0161\u00ed kapacitou<\/a><\/h2>\n\n\n<div class=\"wp-block-image\">\n<figure class=\"alignleft size-large is-resized\"><img loading=\"lazy\" decoding=\"async\" width=\"1024\" height=\"683\" src=\"https:\/\/www.nasdecin.cz\/wp-content\/uploads\/2026\/04\/DSC08197-1-1024x683.jpg\" alt=\"\" class=\"wp-image-503\" style=\"width:200px\" srcset=\"https:\/\/www.nasdecin.cz\/wp-content\/uploads\/2026\/04\/DSC08197-1-1024x683.jpg 1024w, https:\/\/www.nasdecin.cz\/wp-content\/uploads\/2026\/04\/DSC08197-1-300x200.jpg 300w, https:\/\/www.nasdecin.cz\/wp-content\/uploads\/2026\/04\/DSC08197-1-768x512.jpg 768w, https:\/\/www.nasdecin.cz\/wp-content\/uploads\/2026\/04\/DSC08197-1-1536x1024.jpg 1536w, https:\/\/www.nasdecin.cz\/wp-content\/uploads\/2026\/04\/DSC08197-1-2048x1365.jpg 2048w\" sizes=\"auto, (max-width: 706px) 89vw, (max-width: 767px) 82vw, 740px\" \/><\/figure>\n<\/div>\n\n\n<p><strong>Po roce a p\u016fl skon\u010dila rozs\u00e1hl\u00e1 rekonstrukce mate\u0159sk\u00e9 \u0161koly v B\u011bl\u00e9. Budova pro\u0161la kompletn\u00ed modernizac\u00ed. Nov\u00e1 p\u0159\u00edstavba roz\u0161\u00ed\u0159ila kapacitu a p\u0159inesla modern\u00ed z\u00e1zem\u00ed pro d\u011bti i person\u00e1l. M\u011bsto do projektu investovalo t\u00e9m\u011b\u0159 14,8 milionu korun a pokra\u010duje v dal\u0161\u00edch investic\u00edch do \u0161kolstv\u00ed.<\/strong><\/p>\n\n\n\n<h2 class=\"wp-block-heading\"><a href=\"https:\/\/www.nasdecin.cz\/?page_id=487\" data-type=\"page\" data-id=\"487\">Rychleji po D\u011b\u010d\u00edn\u011b: do ulic vyjedou r\u016f\u017eov\u00e1 sd\u00edlen\u00e1 kola<\/a><\/h2>\n\n\n<div class=\"wp-block-image\">\n<figure class=\"alignleft size-large is-resized\"><img loading=\"lazy\" decoding=\"async\" width=\"1024\" height=\"683\" src=\"https:\/\/www.nasdecin.cz\/wp-content\/uploads\/2026\/03\/DSC07495-1024x683.jpg\" alt=\"\" class=\"wp-image-490\" style=\"width:200px\" srcset=\"https:\/\/www.nasdecin.cz\/wp-content\/uploads\/2026\/03\/DSC07495-1024x683.jpg 1024w, https:\/\/www.nasdecin.cz\/wp-content\/uploads\/2026\/03\/DSC07495-300x200.jpg 300w, https:\/\/www.nasdecin.cz\/wp-content\/uploads\/2026\/03\/DSC07495-768x512.jpg 768w, https:\/\/www.nasdecin.cz\/wp-content\/uploads\/2026\/03\/DSC07495-1536x1024.jpg 1536w, https:\/\/www.nasdecin.cz\/wp-content\/uploads\/2026\/03\/DSC07495-2048x1365.jpg 2048w\" sizes=\"auto, (max-width: 706px) 89vw, (max-width: 767px) 82vw, 740px\" \/><\/figure>\n<\/div>\n\n\n<p><strong>Doprava v D\u011b\u010d\u00edn\u011b z\u00edsk\u00e1 novou, modern\u00ed tv\u00e1\u0159. Od 1. kv\u011btna vyjede do ulic celkem 130 sd\u00edlen\u00fdch kol od spole\u010dnosti Rekola Bikesharing s.r.o. Flotila bude zahrnovat 110 klasick\u00fdch mechanick\u00fdch bicykl\u016f a 20 elektrokol, p\u0159i\u010dem\u017e prvn\u00edch 15 minut j\u00edzdy na mechanick\u00e9m kole bude pro u\u017eivatele d\u00edky podpo\u0159e m\u011bsta zcela zdarma.<\/strong><\/p>\n\n\n\n<h2 class=\"wp-block-heading\"><a href=\"https:\/\/www.nasdecin.cz\/?page_id=473\" data-type=\"page\" data-id=\"473\">Prvn\u00ed jarn\u00ed den otev\u0159e R\u016f\u017eovou zahradu<\/a><\/h2>\n\n\n<div class=\"wp-block-image\">\n<figure class=\"alignleft size-large is-resized\"><img loading=\"lazy\" decoding=\"async\" width=\"1024\" height=\"576\" src=\"http:\/\/www.nasdecin.cz\/wp-content\/uploads\/2026\/03\/WhatsApp-Image-2026-03-19-at-14.28.15-1024x576.jpeg\" alt=\"\" class=\"wp-image-484\" style=\"width:152px\" srcset=\"https:\/\/www.nasdecin.cz\/wp-content\/uploads\/2026\/03\/WhatsApp-Image-2026-03-19-at-14.28.15-1024x576.jpeg 1024w, https:\/\/www.nasdecin.cz\/wp-content\/uploads\/2026\/03\/WhatsApp-Image-2026-03-19-at-14.28.15-300x169.jpeg 300w, https:\/\/www.nasdecin.cz\/wp-content\/uploads\/2026\/03\/WhatsApp-Image-2026-03-19-at-14.28.15-768x432.jpeg 768w, https:\/\/www.nasdecin.cz\/wp-content\/uploads\/2026\/03\/WhatsApp-Image-2026-03-19-at-14.28.15-1536x864.jpeg 1536w, https:\/\/www.nasdecin.cz\/wp-content\/uploads\/2026\/03\/WhatsApp-Image-2026-03-19-at-14.28.15.jpeg 2048w\" sizes=\"auto, (max-width: 706px) 89vw, (max-width: 767px) 82vw, 740px\" \/><\/figure>\n<\/div>\n\n\n<p><strong>Jedna z nejcenn\u011bj\u0161\u00edch barokn\u00edch zahrad v republice se po dlouh\u00e9 a n\u00e1ro\u010dn\u00e9 rekonstrukci op\u011bt otev\u0159e ve\u0159ejnosti. R\u016f\u017eov\u00e1 zahrada m\u00e1 nyn\u00ed sv\u016fj p\u016fvodn\u00ed barokn\u00ed charakter.<\/strong><\/p>\n\n\n\n<h2 class=\"wp-block-heading\"><a href=\"https:\/\/www.nasdecin.cz\/?page_id=466\" data-type=\"page\" data-id=\"466\">N\u00e1vrhy na projekty participativn\u00edho rozpo\u010dtu m\u016f\u017eete podat do konce kv\u011btna<\/a><\/h2>\n\n\n<div class=\"wp-block-image\">\n<figure class=\"alignleft size-full is-resized\"><img loading=\"lazy\" decoding=\"async\" width=\"900\" height=\"500\" src=\"https:\/\/www.nasdecin.cz\/wp-content\/uploads\/2026\/03\/e8f1288d67c65deb76e39fa33b78fc98_XL.webp\" alt=\"\" class=\"wp-image-467\" style=\"width:152px\" srcset=\"https:\/\/www.nasdecin.cz\/wp-content\/uploads\/2026\/03\/e8f1288d67c65deb76e39fa33b78fc98_XL.webp 900w, https:\/\/www.nasdecin.cz\/wp-content\/uploads\/2026\/03\/e8f1288d67c65deb76e39fa33b78fc98_XL-300x167.webp 300w, https:\/\/www.nasdecin.cz\/wp-content\/uploads\/2026\/03\/e8f1288d67c65deb76e39fa33b78fc98_XL-768x427.webp 768w\" sizes=\"auto, (max-width: 706px) 89vw, (max-width: 767px) 82vw, 740px\" \/><\/figure>\n<\/div>\n\n\n<p><strong>Tvo\u0159\u00edme D\u011b\u010d\u00edn je participativn\u00ed projekt m\u011bsta pro m\u00edstn\u00ed ob\u010dany. Letos na zaj\u00edmav\u00e9 n\u00e1pady a realizovateln\u00e9 projekty m\u011bsto vy\u010dlenilo \u010d\u00e1stku 2,25 milion\u016f korun. Zapojte se i vy a zlep\u0161ete prost\u0159ed\u00ed, v&nbsp;kter\u00e9m \u017eijete.<\/strong><\/p>\n\n\n\n<h2 class=\"wp-block-heading\"><a href=\"https:\/\/www.nasdecin.cz\/?page_id=455\" data-type=\"page\" data-id=\"455\">Lu\u017eickou ulici \u010dek\u00e1 rekonstrukce s\u00edt\u00ed<\/a><\/h2>\n\n\n<div class=\"wp-block-image\">\n<figure class=\"alignleft size-large is-resized\"><img loading=\"lazy\" decoding=\"async\" width=\"1024\" height=\"576\" src=\"https:\/\/www.nasdecin.cz\/wp-content\/uploads\/2026\/03\/reko_luz-1024x576.webp\" alt=\"\" class=\"wp-image-457\" style=\"width:200px\" srcset=\"https:\/\/www.nasdecin.cz\/wp-content\/uploads\/2026\/03\/reko_luz-1024x576.webp 1024w, https:\/\/www.nasdecin.cz\/wp-content\/uploads\/2026\/03\/reko_luz-300x169.webp 300w, https:\/\/www.nasdecin.cz\/wp-content\/uploads\/2026\/03\/reko_luz-768x432.webp 768w, https:\/\/www.nasdecin.cz\/wp-content\/uploads\/2026\/03\/reko_luz-1536x864.webp 1536w, https:\/\/www.nasdecin.cz\/wp-content\/uploads\/2026\/03\/reko_luz-2048x1152.webp 2048w\" sizes=\"auto, (max-width: 706px) 89vw, (max-width: 767px) 82vw, 740px\" \/><\/figure>\n<\/div>\n\n\n<p><strong>Obnova vodovodu, kanalizace i plynovodu na p\u0159ibli\u017en\u011b deset m\u011bs\u00edc\u016f uzav\u0159e Lu\u017eickou ulici. Po dokon\u010den\u00ed rekonstrukce in\u017een\u00fdrsk\u00fdch s\u00edt\u00ed pl\u00e1nuje m\u011bsto opravu povrch\u016f. Na financov\u00e1n\u00ed se budou \u010d\u00e1ste\u010dn\u011b pod\u00edlet tak\u00e9 spole\u010dnosti, kter\u00e9 prov\u00e1d\u011bj\u00ed obnovu jednotliv\u00fdch s\u00edt\u00ed. <\/strong><\/p>\n\n\n\n<h2 class=\"wp-block-heading\"><a href=\"https:\/\/www.nasdecin.cz\/?page_id=418\" data-type=\"page\" data-id=\"418\">Nov\u00e1 parkovac\u00ed m\u00edsta u v\u00fdchodn\u00edho n\u00e1dra\u017e\u00ed jsou zdarma<\/a><\/h2>\n\n\n<div class=\"wp-block-image\">\n<figure class=\"alignleft size-large is-resized\"><img loading=\"lazy\" decoding=\"async\" width=\"1024\" height=\"683\" src=\"https:\/\/www.nasdecin.cz\/wp-content\/uploads\/2026\/03\/648073519_1339526514867744_8185215144627512828_n-1024x683.jpg\" alt=\"\" class=\"wp-image-419\" style=\"width:152px\" srcset=\"https:\/\/www.nasdecin.cz\/wp-content\/uploads\/2026\/03\/648073519_1339526514867744_8185215144627512828_n-1024x683.jpg 1024w, https:\/\/www.nasdecin.cz\/wp-content\/uploads\/2026\/03\/648073519_1339526514867744_8185215144627512828_n-300x200.jpg 300w, https:\/\/www.nasdecin.cz\/wp-content\/uploads\/2026\/03\/648073519_1339526514867744_8185215144627512828_n-768x512.jpg 768w, https:\/\/www.nasdecin.cz\/wp-content\/uploads\/2026\/03\/648073519_1339526514867744_8185215144627512828_n-1536x1024.jpg 1536w, https:\/\/www.nasdecin.cz\/wp-content\/uploads\/2026\/03\/648073519_1339526514867744_8185215144627512828_n.jpg 2048w\" sizes=\"auto, (max-width: 706px) 89vw, (max-width: 767px) 82vw, 740px\" \/><\/figure>\n<\/div>\n\n\n<p><strong>\u0158idi\u010di maj\u00ed nov\u011b k dispozici bezplatn\u00e1 parkovac\u00ed m\u00edsta v prostoru u v\u00fdchodn\u00edho n\u00e1dra\u017e\u00ed. Nov\u00e1 parkovac\u00ed plocha nab\u00edz\u00ed kapacitu p\u0159ibli\u017en\u011b pro \u010dty\u0159icet automobil\u016f a je ur\u010dena jak pro m\u00edstn\u00ed obyvatele, tak pro n\u00e1v\u0161t\u011bvn\u00edky m\u011bsta.<\/strong><\/p>\n\n\n\n<h2 class=\"wp-block-heading\"><a href=\"https:\/\/www.nasdecin.cz\/?page_id=382\" data-type=\"page\" data-id=\"382\">M\u011bsto p\u0159ipravuje prom\u011bnu prostoru mezi ulicemi Hrn\u010d\u00ed\u0159sk\u00e1 a Pohrani\u010dn\u00ed<\/a><\/h2>\n\n\n<div class=\"wp-block-image\">\n<figure class=\"alignleft size-full is-resized\"><img loading=\"lazy\" decoding=\"async\" width=\"640\" height=\"453\" src=\"http:\/\/www.nasdecin.cz\/wp-content\/uploads\/2026\/03\/vnitroblok.jpg\" alt=\"\" class=\"wp-image-416\" style=\"object-fit:cover;width:152px;height:110px\" srcset=\"https:\/\/www.nasdecin.cz\/wp-content\/uploads\/2026\/03\/vnitroblok.jpg 640w, https:\/\/www.nasdecin.cz\/wp-content\/uploads\/2026\/03\/vnitroblok-300x212.jpg 300w\" sizes=\"auto, (max-width: 640px) 100vw, 640px\" \/><\/figure>\n<\/div>\n\n\n<p><strong>Prostor mezi ulicemi Hrn\u010d\u00ed\u0159sk\u00e1 a Pohrani\u010dn\u00ed m\u00e1 p\u0159ed sebou novou kapitolu. Na\u0161e veden\u00ed m\u011bsta zah\u00e1jilo kroky k jeho \u00faprav\u011b tak, aby se z n\u011bj stalo p\u0159\u00edjemn\u00e9 a smyslupln\u011b vyu\u017e\u00edvan\u00e9 m\u00edsto pro m\u00edstn\u00ed obyvatele.<\/strong><\/p>\n\n\n\n<h2 class=\"wp-block-heading\"><a href=\"https:\/\/www.nasdecin.cz\/?page_id=424\" data-type=\"page\" data-id=\"424\">Prostor p\u0159ed hlavn\u00edm n\u00e1dra\u017e\u00edm \u010dekaj\u00ed \u00fapravy<\/a><\/h2>\n\n\n<div class=\"wp-block-image\">\n<figure class=\"alignleft size-large is-resized\"><img loading=\"lazy\" decoding=\"async\" width=\"1024\" height=\"576\" src=\"https:\/\/www.nasdecin.cz\/wp-content\/uploads\/2026\/03\/PXL_20241001_080347559-1024x576.jpg\" alt=\"\" class=\"wp-image-425\" style=\"object-fit:cover;width:152px;height:110px\" srcset=\"https:\/\/www.nasdecin.cz\/wp-content\/uploads\/2026\/03\/PXL_20241001_080347559-1024x576.jpg 1024w, https:\/\/www.nasdecin.cz\/wp-content\/uploads\/2026\/03\/PXL_20241001_080347559-300x169.jpg 300w, https:\/\/www.nasdecin.cz\/wp-content\/uploads\/2026\/03\/PXL_20241001_080347559-768x432.jpg 768w, https:\/\/www.nasdecin.cz\/wp-content\/uploads\/2026\/03\/PXL_20241001_080347559-1536x864.jpg 1536w, https:\/\/www.nasdecin.cz\/wp-content\/uploads\/2026\/03\/PXL_20241001_080347559-2048x1152.jpg 2048w\" sizes=\"auto, (max-width: 706px) 89vw, (max-width: 767px) 82vw, 740px\" \/><\/figure>\n<\/div>\n\n\n<p><strong>Postupn\u00e9 opravy ve\u0159ejn\u00e9ho prostoru p\u0159ed hlavn\u00edm n\u00e1dra\u017e\u00edm prob\u00edhaj\u00ed podle nov\u011b zpracovan\u00e9ho manu\u00e1lu m\u011bstsk\u00e9ho architekta. Pr\u00e1ce budou prob\u00edhat pr\u016fb\u011b\u017en\u011b. Do budoucna chyst\u00e1me v\u00fdrazn\u011bj\u0161\u00ed revitalizaci prostoru a \u0159e\u0161en\u00ed dopravn\u00ed situace.<\/strong><\/p>\n\n\n\n<h2 class=\"wp-block-heading\"><a href=\"https:\/\/www.nasdecin.cz\/?page_id=344\" data-type=\"page\" data-id=\"344\">Veden\u00ed m\u011bsta hled\u00e1 konkr\u00e9tn\u00ed \u0159e\u0161en\u00ed parkov\u00e1n\u00ed na Kamenick\u00e9 ulici<\/a><\/h2>\n\n\n<div class=\"wp-block-image\">\n<figure class=\"alignleft size-full is-resized\"><img loading=\"lazy\" decoding=\"async\" width=\"1009\" height=\"757\" src=\"https:\/\/www.nasdecin.cz\/wp-content\/uploads\/2026\/03\/Snimek-obrazovky-2026-03-05-111250.png\" alt=\"\" class=\"wp-image-355\" style=\"aspect-ratio:1.3329113122744825;width:152px;height:auto\" srcset=\"https:\/\/www.nasdecin.cz\/wp-content\/uploads\/2026\/03\/Snimek-obrazovky-2026-03-05-111250.png 1009w, https:\/\/www.nasdecin.cz\/wp-content\/uploads\/2026\/03\/Snimek-obrazovky-2026-03-05-111250-300x225.png 300w, https:\/\/www.nasdecin.cz\/wp-content\/uploads\/2026\/03\/Snimek-obrazovky-2026-03-05-111250-768x576.png 768w\" sizes=\"auto, (max-width: 706px) 89vw, (max-width: 767px) 82vw, 740px\" \/><\/figure>\n<\/div>\n\n\n<p><strong>Ve st\u0159edu 28. ledna jsme proto uspo\u0159\u00e1dali ve\u0159ejn\u00e9 setk\u00e1n\u00ed v m\u00edstn\u00ed z\u00e1kladn\u00ed \u0161kole, kam dorazilo v\u00edce ne\u017e 40 m\u00edstn\u00edch obyvatel. Otev\u0159en\u00e1 diskuze potvrdila, \u017ee t\u00e9ma je pro m\u00edstn\u00ed d\u016fle\u017eit\u00e9 a \u017ee maj\u00ed z\u00e1jem pod\u00edlet se na hled\u00e1n\u00ed \u0159e\u0161en\u00ed.<\/strong><\/p>\n\n\n\n<h2 class=\"wp-block-heading\"><a href=\"https:\/\/www.nasdecin.cz\/?page_id=435\" data-type=\"page\" data-id=\"435\">N\u00e1m\u011bstek prim\u00e1tora Ond\u0159ej Sm\u00ed\u0161ek: Parkov\u00e1n\u00ed v D\u011b\u010d\u00edn\u011b \u010dekaj\u00ed zm\u011bny<\/a><\/h2>\n\n\n<div class=\"wp-block-image\">\n<figure class=\"alignleft size-large is-resized\"><img loading=\"lazy\" decoding=\"async\" width=\"1024\" height=\"679\" src=\"https:\/\/www.nasdecin.cz\/wp-content\/uploads\/2026\/03\/DSC05242-1024x679.jpg\" alt=\"\" class=\"wp-image-436\" style=\"width:152px\" srcset=\"https:\/\/www.nasdecin.cz\/wp-content\/uploads\/2026\/03\/DSC05242-1024x679.jpg 1024w, https:\/\/www.nasdecin.cz\/wp-content\/uploads\/2026\/03\/DSC05242-300x199.jpg 300w, https:\/\/www.nasdecin.cz\/wp-content\/uploads\/2026\/03\/DSC05242-768x509.jpg 768w, https:\/\/www.nasdecin.cz\/wp-content\/uploads\/2026\/03\/DSC05242-1536x1018.jpg 1536w, https:\/\/www.nasdecin.cz\/wp-content\/uploads\/2026\/03\/DSC05242-2048x1357.jpg 2048w\" sizes=\"auto, (max-width: 706px) 89vw, (max-width: 767px) 82vw, 740px\" \/><\/figure>\n<\/div>\n\n\n<p><strong>Nedostatek parkovac\u00edch m\u00edst pat\u0159\u00ed k dlouhodob\u00fdm probl\u00e9m\u016fm D\u011b\u010d\u00edna. Nejen tomu se v\u011bnujeme v rozhovoru s n\u00e1m\u011bstkem prim\u00e1tora pro rozvoj m\u011bsta a IT Ond\u0159ejem Sm\u00ed\u0161kem.<\/strong><br><\/p>\n\n\n\n<h2 class=\"wp-block-heading\"><a href=\"https:\/\/www.nasdecin.cz\/?page_id=440\" data-type=\"page\" data-id=\"440\">M\u011bsto vyhl\u00e1s\u00ed architektonickou sout\u011b\u017e na novou t\u011blocvi\u010dnu ve Vokolkov\u011b ulic<\/a><\/h2>\n\n\n<div class=\"wp-block-image\">\n<figure class=\"alignleft size-large is-resized\"><img loading=\"lazy\" decoding=\"async\" width=\"1024\" height=\"768\" src=\"https:\/\/www.nasdecin.cz\/wp-content\/uploads\/2026\/03\/WhatsApp-Image-2026-03-09-at-17.19.17-1024x768.jpeg\" alt=\"\" class=\"wp-image-441\" style=\"width:152px\" srcset=\"https:\/\/www.nasdecin.cz\/wp-content\/uploads\/2026\/03\/WhatsApp-Image-2026-03-09-at-17.19.17-1024x768.jpeg 1024w, https:\/\/www.nasdecin.cz\/wp-content\/uploads\/2026\/03\/WhatsApp-Image-2026-03-09-at-17.19.17-300x225.jpeg 300w, https:\/\/www.nasdecin.cz\/wp-content\/uploads\/2026\/03\/WhatsApp-Image-2026-03-09-at-17.19.17-768x576.jpeg 768w, https:\/\/www.nasdecin.cz\/wp-content\/uploads\/2026\/03\/WhatsApp-Image-2026-03-09-at-17.19.17.jpeg 1280w\" sizes=\"auto, (max-width: 706px) 89vw, (max-width: 767px) 82vw, 740px\" \/><\/figure>\n<\/div>\n\n\n<p><strong>V&nbsp;lednov\u00e9 rad\u011b radn\u00ed odsouhlasili p\u0159\u00edpravu ve\u0159ejn\u00e9 zak\u00e1zky na projektovou dokumentaci formou otev\u0159en\u00e9 jednokolov\u00e9 architektonick\u00e9 sout\u011b\u017ee na novou t\u011blocvi\u010dnu ve Vokolkov\u011b ulici.<\/strong><\/p>\n\n\n\n<h2 class=\"wp-block-heading\"><a href=\"https:\/\/www.nasdecin.cz\/?page_id=187\" data-type=\"page\" data-id=\"187\">L\u00e1vka p\u0159es \u0159eku Labe<\/a><\/h2>\n\n\n\n\n\n<p><\/p>\n\n\n\n<p><\/p>\n\n\n\n<p><\/p>\n\n\n\n<p><\/p>\n\n\n\n<p><\/p>\n\n\n\n<p><\/p>\n\n\n\n<h2 class=\"wp-block-heading\"><a href=\"https:\/\/www.nasdecin.cz\/?page_id=189\" data-type=\"page\" data-id=\"189\">Problematika dopravy v D\u011b\u010d\u00edn\u011b<\/a><\/h2>\n\n\n\n\n\n<p><\/p>\n\n\n\n\n\n<p><\/p>\n","protected":false},"excerpt":{"rendered":"<p>M\u011bsto navy\u0161uje podporu sportu, p\u0159esto je pot\u0159eba p\u0159idat Diskuse o hokeji znovu otev\u0159ela t\u00e9ma financov\u00e1n\u00ed sportu v D\u011b\u010d\u00edn\u011b. M\u011bsto v posledn\u00edch letech rozpo\u010det pravideln\u011b navy\u0161uje a podporuje jak d\u011bti, tak sportovn\u00ed kluby i nov\u00e9 projekty. Rostouc\u00ed n\u00e1klady a \u0161ir\u0161\u00ed podpora ale ukazuj\u00ed, \u017ee sou\u010dasn\u00e1 \u010d\u00e1stka st\u00e1le nesta\u010d\u00ed a do budoucna bude pot\u0159eba investice je\u0161t\u011b zv\u00fd\u0161it. &hellip; <\/p>\n<p class=\"link-more\"><a href=\"https:\/\/www.nasdecin.cz\/\" class=\"more-link\">Pokra\u010dovat ve \u010dten\u00ed<span class=\"screen-reader-text\"> &#8222;Aktuality&#8220;<\/span><\/a><\/p>\n","protected":false},"author":1,"featured_media":0,"parent":0,"menu_order":0,"comment_status":"closed","ping_status":"closed","template":"","meta":{"footnotes":""},"class_list":["post-185","page","type-page","status-publish","hentry"],"_links":{"self":[{"href":"https:\/\/www.nasdecin.cz\/index.php?rest_route=\/wp\/v2\/pages\/185","targetHints":{"allow":["GET"]}}],"collection":[{"href":"https:\/\/www.nasdecin.cz\/index.php?rest_route=\/wp\/v2\/pages"}],"about":[{"href":"https:\/\/www.nasdecin.cz\/index.php?rest_route=\/wp\/v2\/types\/page"}],"author":[{"embeddable":true,"href":"https:\/\/www.nasdecin.cz\/index.php?rest_route=\/wp\/v2\/users\/1"}],"replies":[{"embeddable":true,"href":"https:\/\/www.nasdecin.cz\/index.php?rest_route=%2Fwp%2Fv2%2Fcomments&post=185"}],"version-history":[{"count":41,"href":"https:\/\/www.nasdecin.cz\/index.php?rest_route=\/wp\/v2\/pages\/185\/revisions"}],"predecessor-version":[{"id":514,"href":"https:\/\/www.nasdecin.cz\/index.php?rest_route=\/wp\/v2\/pages\/185\/revisions\/514"}],"wp:attachment":[{"href":"https:\/\/www.nasdecin.cz\/index.php?rest_route=%2Fwp%2Fv2%2Fmedia&parent=185"}],"curies":[{"name":"wp","href":"https:\/\/api.w.org\/{rel}","templated":true}]}}