{"id":145,"date":"2022-06-16T12:18:00","date_gmt":"2022-06-16T12:18:00","guid":{"rendered":"https:\/\/www.nasdecin.cz\/?page_id=145"},"modified":"2022-06-26T06:59:05","modified_gmt":"2022-06-26T06:59:05","slug":"ing-jan-svihnos","status":"publish","type":"page","link":"https:\/\/www.nasdecin.cz\/?page_id=145","title":{"rendered":"Ing. Jan \u0160vihnos"},"content":{"rendered":"<div class=\"wp-block-image\">\n<figure class=\"aligncenter size-full is-resized\"><img loading=\"lazy\" decoding=\"async\" src=\"http:\/\/www.nasdecin.cz\/wp-content\/uploads\/2022\/06\/m-IMG_8851.jpg\" alt=\"\" class=\"wp-image-158\" width=\"343\" height=\"500\" srcset=\"https:\/\/www.nasdecin.cz\/wp-content\/uploads\/2022\/06\/m-IMG_8851.jpg 685w, https:\/\/www.nasdecin.cz\/wp-content\/uploads\/2022\/06\/m-IMG_8851-206x300.jpg 206w\" sizes=\"auto, (max-width: 343px) 100vw, 343px\" \/><figcaption>Jan \u0160vihnos<\/figcaption><\/figure>\n<\/div>\n\n\n<p>Cel\u00fd sv\u016fj profesn\u00ed \u017eivot pracuje v Constelliu D\u011b\u010d\u00edn, kde pro\u0161el r\u016fzn\u00fdmi pozicemi od pl\u00e1nova\u010de v\u00fdroby po metodika NDT a metrologa oboru teplota. \u0158\u00edd\u00ed t\u00fdm v\u00edce jak pades\u00e1ti lid\u00ed a zodpov\u00edd\u00e1 za testovanou kvalitu.<\/p>\n\n\n\n<p>V\u017edy se zaj\u00edmal o prost\u0159ed\u00ed, ve kter\u00e9m \u017eije, a sna\u017eil se ho spoluutv\u00e1\u0159et. Na vysok\u00e9 \u0161kole byl \u010dlenem akademick\u00e9ho sen\u00e1tu a v\u011bdeck\u00e9 rady fakulty. Jako celo\u017eivotn\u00ed obyvatel Doln\u00edho \u017dlebu se po n\u00e1vratu ze studi\u00ed zapojil do Ob\u010dansk\u00e9ho sdru\u017een\u00ed Doln\u00ed \u017dleb, kde pozd\u011bji p\u016fsobil jako p\u0159edseda. Za dobu \u010dinnosti sdru\u017een\u00ed vzniklo mnoho spole\u010densk\u00fdch aktivit, jako jsou d\u011btsk\u00e9 a sportovn\u00ed dny, divadla a koncerty. Poda\u0159ilo se jim tak\u00e9 vybudovat h\u0159i\u0161t\u011b a posezen\u00ed na n\u00e1vsi. D\u00edky likvidaci skl\u00e1dky formou brig\u00e1d se v\u00fdrazn\u011b poda\u0159ilo zlep\u0161it \u017eivotn\u00ed prost\u0159ed\u00ed. Ob\u010dansk\u00e9 sdru\u017een\u00ed po letech postupn\u011b ukon\u010dilo svou \u010dinnost a komunikaci s \u00fa\u0159adem p\u0159evzal Osadn\u00ed v\u00fdbor Doln\u00ed \u017dleb, jeho\u017e je tak\u00e9 \u010dlenem.<\/p>\n\n\n\n<p>Jako rodil\u00fd \u017dleb\u00e1k m\u00e1 velk\u00fd vztah k okoln\u00ed p\u0159\u00edrod\u011b a skaln\u00edm masiv\u016fm. Ve voln\u00e9m \u010dase ho m\u016f\u017eete potkat, jak zl\u00e9z\u00e1 n\u011bkterou z klasick\u00fdch lezeck\u00fdch cest Labsk\u00e9ho ka\u0148onu.<\/p>\n\n\n\n<p>Motto: \u201eKritizovat je snadn\u00e9, mnohem obt\u00ed\u017en\u011bj\u0161\u00ed je ud\u011blat n\u011bco spr\u00e1vn\u011b.\u201c<\/p>\n\n\n\n<p>Pro\u010d kandiduji: \u201eOd ml\u00e1d\u00ed je mi vlastn\u00ed cht\u00edt zlep\u0161it prost\u0159ed\u00ed, ve kter\u00e9m \u017eiji. M\u00e1 kandidatura je tedy plynulou a p\u0159irozenou sou\u010d\u00e1st\u00ed m\u00e9ho \u017eivota.\u201c<\/p>\n","protected":false},"excerpt":{"rendered":"<p>Cel\u00fd sv\u016fj profesn\u00ed \u017eivot pracuje v Constelliu D\u011b\u010d\u00edn, kde pro\u0161el r\u016fzn\u00fdmi pozicemi od pl\u00e1nova\u010de v\u00fdroby po metodika NDT a metrologa oboru teplota. \u0158\u00edd\u00ed t\u00fdm v\u00edce jak pades\u00e1ti lid\u00ed a zodpov\u00edd\u00e1 za testovanou kvalitu. V\u017edy se zaj\u00edmal o prost\u0159ed\u00ed, ve kter\u00e9m \u017eije, a sna\u017eil se ho spoluutv\u00e1\u0159et. Na vysok\u00e9 \u0161kole byl \u010dlenem akademick\u00e9ho sen\u00e1tu a v\u011bdeck\u00e9 &hellip; <\/p>\n<p class=\"link-more\"><a href=\"https:\/\/www.nasdecin.cz\/?page_id=145\" class=\"more-link\">Pokra\u010dovat ve \u010dten\u00ed<span class=\"screen-reader-text\"> &#8222;Ing. Jan \u0160vihnos&#8220;<\/span><\/a><\/p>\n","protected":false},"author":1,"featured_media":0,"parent":0,"menu_order":0,"comment_status":"closed","ping_status":"closed","template":"","meta":{"_bbp_topic_count":0,"_bbp_reply_count":0,"_bbp_total_topic_count":0,"_bbp_total_reply_count":0,"_bbp_voice_count":0,"_bbp_anonymous_reply_count":0,"_bbp_topic_count_hidden":0,"_bbp_reply_count_hidden":0,"_bbp_forum_subforum_count":0,"footnotes":""},"class_list":["post-145","page","type-page","status-publish","hentry"],"_links":{"self":[{"href":"https:\/\/www.nasdecin.cz\/index.php?rest_route=\/wp\/v2\/pages\/145","targetHints":{"allow":["GET"]}}],"collection":[{"href":"https:\/\/www.nasdecin.cz\/index.php?rest_route=\/wp\/v2\/pages"}],"about":[{"href":"https:\/\/www.nasdecin.cz\/index.php?rest_route=\/wp\/v2\/types\/page"}],"author":[{"embeddable":true,"href":"https:\/\/www.nasdecin.cz\/index.php?rest_route=\/wp\/v2\/users\/1"}],"replies":[{"embeddable":true,"href":"https:\/\/www.nasdecin.cz\/index.php?rest_route=%2Fwp%2Fv2%2Fcomments&post=145"}],"version-history":[{"count":2,"href":"https:\/\/www.nasdecin.cz\/index.php?rest_route=\/wp\/v2\/pages\/145\/revisions"}],"predecessor-version":[{"id":167,"href":"https:\/\/www.nasdecin.cz\/index.php?rest_route=\/wp\/v2\/pages\/145\/revisions\/167"}],"wp:attachment":[{"href":"https:\/\/www.nasdecin.cz\/index.php?rest_route=%2Fwp%2Fv2%2Fmedia&parent=145"}],"curies":[{"name":"wp","href":"https:\/\/api.w.org\/{rel}","templated":true}]}}